{"id":141,"date":"2024-12-28T21:27:09","date_gmt":"2024-12-28T21:27:09","guid":{"rendered":"https:\/\/artunion.com\/attourath\/?page_id=141"},"modified":"2026-03-26T07:40:35","modified_gmt":"2026-03-26T07:40:35","slug":"les-musiciens","status":"publish","type":"page","link":"https:\/\/artunion.com\/attourath\/les-musiciens\/","title":{"rendered":"Les Musiciens"},"content":{"rendered":"\n\n\n<p class=\"has-medium-font-size\"><strong>Adel Shams el Din<\/strong> <br>est n\u00e9 en Egypte. Il s\u2019est initi\u00e9 \u00e0 la musique aupr\u00e8s de son fr\u00e8re. Avec son instrument le <strong>Riq<\/strong> qu\u2019il joue \u00e0 la perfection, il accompagne les grands noms de la musique et de la chanson sur les sc\u00e8nes internationales. Il est le directeur artistique de Takht Attourath.<\/p>\n\n\n\n<p>Sans cesse, Adel \u00e9largit et nourrit ses recherches rythmiques en jouant diverses musiques, classique, traditionnelle, flamenco, jazz et m\u00e9di\u00e9vale. Sa production est aujourd\u2019hui enregistr\u00e9e dans plus d\u2019une quarantaine de CD, on l\u2019a entendu dans des dizaines de films comme on a pu le voir dans quelques centaines de festivals dans le monde entier. En outre, il a \u00e9dit\u00e9 le premier disque p\u00e9dagogique sur la \u00ab&nbsp;Science des rythmes orientaux&nbsp;\u00bb, o\u00f9 l\u2019on peut trouver 40 rythmes moyen-orientaux.<br><\/p>\n\n\n\n<hr class=\"wp-block-separator has-alpha-channel-opacity\"\/>\n\n\n\n<p><strong>Imad Ben Ammar <\/strong>Laur\u00e9at &nbsp;du conservatoire de musique de Sousse. Son chemin initiatique ne s\u2019arr\u00eate pas &nbsp;l\u00e0, passionn\u00e9 de <strong>Qanoun<\/strong> il enrichit son art au contact des plus grands ma\u00eetres &nbsp;de Syrie et Turquie. Imad&nbsp;s&rsquo;est forg\u00e9 une personnalit\u00e9 &nbsp;qui lui est propre. Sollicit\u00e9 dans &nbsp;de nombreux festivals internationaux : Budapest, Su\u00e8de, Paris, Avignon, F\u00e8s, Oran, Musique &nbsp;arabo-andalouse &nbsp;\u00e0 Constantine, J\u00e9rusalem.&nbsp;<\/p>\n\n\n\n<p><\/p>\n\n\n\n<hr class=\"wp-block-separator has-alpha-channel-opacity\"\/>\n\n\n\n<p><strong>Lahoucine Id Bouhouch, <\/strong>au <strong>luth<\/strong>,<strong> <\/strong>&nbsp;marocain d\u2019origine, interpr\u00e8te et compositeur.<\/p>\n\n\n\n<p>Sa passion pour la musique marocaine, arabo-andalouse et orientale l\u2019a men\u00e9 \u00e0 participer avec plusieurs formations musicales comme l&rsquo;ensemble SIWAR et TAKHT ATTOURATH&nbsp; et a donn\u00e9 des concerts en France et dans le monde arabe. L\u2019une des derni\u00e8res compositions Aylal (l&rsquo;oiseau &#8211; \u0627\u0644\u0637\u0627\u0626\u0631) a eu un tr\u00e8s grand succ\u00e8s dans le monde arabe.<\/p>\n\n\n\n<hr class=\"wp-block-separator has-alpha-channel-opacity\"\/>\n\n\n\n<p><strong>Yahya Negm Eddine <\/strong>Egyptien, <strong>percussionniste<\/strong> autodidacte, est Directeur Artistique de l\u2019Association \u00cele de France-Orient dont l\u2019objectif est de conserver un patrimoine de musique orientale et traditionnelle, fragilis\u00e9 par la prolif\u00e9ration des instruments \u00e9lectroniques.<\/p>\n\n\n\n<hr class=\"wp-block-separator has-alpha-channel-opacity\"\/>\n\n\n\n<p><strong>Salem Benouni<\/strong> dipl\u00f4m\u00e9 de <strong>violon<\/strong> au Conservatoire de Tunis. Il a accompagn\u00e9 pendant huit ans la Troupe Nationale Tunisienne de Musique. En France depuis 1994, il participe r\u00e9guli\u00e8rement \u00e0 de nombreuses manifestations \u00e0 travers le monde. Il a jou\u00e9 notamment avec Sting ou Enrico Macias, George Wassouf, Lotfi Bouchnak ou Karem Mahmoud. Il a \u00e9galement jou\u00e9 pour des films et il a particip\u00e9 \u00e0 des enregistrements de CD.<\/p>\n\n\n\n<hr class=\"wp-block-separator has-alpha-channel-opacity\"\/>\n\n\n\n<p><strong>Sameh Catalan <\/strong>&nbsp;d\u2019origine syrienne, a \u00e9tudi\u00e9 le Violon d\u00e8s l\u2019\u00e2ge de onze ans avec son p\u00e8re \u00e9galement musicien. Toutes ses \u00e9tudes ont \u00e9t\u00e9 effectu\u00e9es au conservatoire \u00e0 Damas avant de venir s\u2019installer en France. Aujourd\u2019hui il est membre du syndicat des artistes en Syrie et Liban. Il a accompagn\u00e9 des artistes du monde entier comme Mayada Henawi et Sabah Fakhri.<\/p>\n\n\n\n<hr class=\"wp-block-separator has-alpha-channel-opacity\"\/>\n\n\n\n<p><strong>Abderrahim Alaoui, <\/strong>originaire de F\u00e8s au Maroc et initi\u00e9 \u00e0 la musique arabe depuis sa tendre enfance et a fait ses d\u00e9but avec&nbsp; l&rsquo;orchestre national de Casablanca. Il a accompagn\u00e9 plusieurs artistes arabes ou occidentaux de renomm\u00e9e internationale. Aujourd&rsquo;hui Abderrahim Alaoui continue son parcours en int\u00e9grant son jeu de violon et sa ma\u00eetrise des maqams dans divers ensembles de diff\u00e9rents styles et confessions.<\/p>\n\n\n\n<hr class=\"wp-block-separator has-alpha-channel-opacity\"\/>\n\n\n\n<p><strong>Edouard Iskandar , d<\/strong>\u2019origine \u00e9gyptienne, Edouard ISKANDAR a appris le Nay, sa passion de toujours, \u00e0 l\u2019Institut du c\u00e9l\u00e8bre Mahmoud RIFFAT au&nbsp;Caire. Il est ensuite nomm\u00e9 au Minist\u00e8re de la Culture o\u00f9 il passera plusieurs ann\u00e9es. Arriv\u00e9 en France au d\u00e9but des ann\u00e9es quatre-vingt, il accompagne les plus grands chanteurs du Monde Arabe tels que SABAH, Mohamed El-IZABI Georges WASSOUF, le Ma\u00eetre Wadii ESSAFI, Sabah FAKHRI, Hani CHAKER, Walid TAOUFIK, DALIDA et WARDA.<\/p>\n\n\n\n<p>Le son de sa fl\u00fbte a enchant\u00e9 de nombreux publics \u00e0 travers le monde, en Europe, aux \u00c9tats-Unis, au Moyen-Orient et au Maghreb. En outre, il a enregistr\u00e9 des CD, notamment avec Wadii ESSAFI et Enrico MACIAS et il a tourn\u00e9 dans des films comme \u00ab&nbsp;La Gr\u00eale et le Mulet&nbsp;\u00bb.<\/p>\n\n\n\n<p>La pr\u00e9sence d\u2019Idward dans le Takht est primordiale. En plus de sa virtuosit\u00e9, il comble les auditeurs du groupe par ses improvisations. Son plus profond d\u00e9sir est de continuer, comme il l\u2019a toujours fait, d\u2019\u0153uvrer pour la paix et l\u2019amour dans le monde.<\/p>\n\n\n\n<hr class=\"wp-block-separator has-alpha-channel-opacity\"\/>\n\n\n\n<p><strong>Nidal Benmerzoug, <\/strong>Il a d\u00e9but\u00e9 la musique tr\u00e8s jeune \u00e0 l\u2019\u00e2ge de 7 &nbsp;ans avec son &nbsp;p\u00e8re qui \u00e9tait lui-m\u00eame chanteur,&nbsp; et joueur de Oud, fan de musique orientale et amateur des grands artistes classiques comme Oum Kelthoum, Farid el Atrach. Nidal a fait ses premiers pas dans la musique en d\u00e9butant \u00e0 la percussion, ce n\u2019est que quelques ann\u00e9es plus tard \u00e0 l\u2019\u00e2ge de 11 ans qu\u2019il int\u00e8gre le conservatoire de Bagneux durant quelques ann\u00e9es pour s\u2019initier au piano. A 19 ans il rejoint son premier groupe de musique compos\u00e9 de ses 2 grands fr\u00e8res pour animer des \u00e9v\u00e9nements festifs ( concert, mariage\u2026).<\/p>\n\n\n\n<hr class=\"wp-block-separator has-alpha-channel-opacity\"\/>\n\n\n\n<p><strong>Samih Soussi<\/strong>&nbsp;est n\u00e9 en Tunisie, dipl\u00f4m\u00e9 du conservatoire de Bizerte. Il a d\u00e9but\u00e9 la musique depuis son plus jeune \u00e2ge en commen\u00e7ant par le violon avant de faire son choix instrumental pour le <strong>violoncelle<\/strong> qu\u2019il&nbsp;ma\u00eetrise&nbsp;parfaitement. Ses influences musicales vont de la musique orientale&nbsp;jusqu\u2019\u00e0&nbsp;la musique classique en passant par le jazz, la musique maghr\u00e9bine, et la musique turque.<\/p>\n\n\n\n<hr class=\"wp-block-separator has-alpha-channel-opacity\"\/>\n\n\n\n\n\n<p><strong>Aaaaaaa<\/strong><\/p>\n\n\n","protected":false},"excerpt":{"rendered":"<p>Adel Shams el Din est n\u00e9 en Egypte. Il s\u2019est initi\u00e9 \u00e0 la musique aupr\u00e8s de son fr\u00e8re. Avec son instrument le Riq qu\u2019il joue \u00e0 la perfection, il accompagne les grands noms de la musique et de la chanson sur les sc\u00e8nes internationales. Il est le directeur artistique de Takht Attourath. Sans cesse, Adel [&hellip;]<\/p>\n","protected":false},"author":1,"featured_media":0,"parent":0,"menu_order":0,"comment_status":"closed","ping_status":"closed","template":"","meta":{"saved_in_kubio":true,"om_disable_all_campaigns":false,"_monsterinsights_skip_tracking":false,"_monsterinsights_sitenote_active":false,"_monsterinsights_sitenote_note":"","_monsterinsights_sitenote_category":0,"_themeisle_gutenberg_block_has_review":false,"footnotes":""},"class_list":["post-141","page","type-page","status-publish","hentry"],"aioseo_notices":[],"kubio_ai_page_context":{"short_desc":"","purpose":"general"},"_links":{"self":[{"href":"https:\/\/artunion.com\/attourath\/wp-json\/wp\/v2\/pages\/141","targetHints":{"allow":["GET"]}}],"collection":[{"href":"https:\/\/artunion.com\/attourath\/wp-json\/wp\/v2\/pages"}],"about":[{"href":"https:\/\/artunion.com\/attourath\/wp-json\/wp\/v2\/types\/page"}],"author":[{"embeddable":true,"href":"https:\/\/artunion.com\/attourath\/wp-json\/wp\/v2\/users\/1"}],"replies":[{"embeddable":true,"href":"https:\/\/artunion.com\/attourath\/wp-json\/wp\/v2\/comments?post=141"}],"version-history":[{"count":19,"href":"https:\/\/artunion.com\/attourath\/wp-json\/wp\/v2\/pages\/141\/revisions"}],"predecessor-version":[{"id":874,"href":"https:\/\/artunion.com\/attourath\/wp-json\/wp\/v2\/pages\/141\/revisions\/874"}],"wp:attachment":[{"href":"https:\/\/artunion.com\/attourath\/wp-json\/wp\/v2\/media?parent=141"}],"curies":[{"name":"wp","href":"https:\/\/api.w.org\/{rel}","templated":true}]}}